{"id":657,"date":"2024-02-10T10:25:01","date_gmt":"2024-02-10T10:25:01","guid":{"rendered":"https:\/\/curaieren.ch\/?page_id=657"},"modified":"2026-04-26T13:40:59","modified_gmt":"2026-04-26T13:40:59","slug":"coaching","status":"publish","type":"page","link":"https:\/\/curaieren.ch\/?page_id=657","title":{"rendered":"Angebot"},"content":{"rendered":"\t\t<div data-elementor-type=\"wp-page\" data-elementor-id=\"657\" class=\"elementor elementor-657\">\n\t\t\t\t\t\t\t\t\t<section class=\"elementor-section elementor-top-section elementor-element elementor-element-a06bad1 elementor-section-boxed elementor-section-height-default elementor-section-height-default\" data-id=\"a06bad1\" data-element_type=\"section\">\n\t\t\t\t\t\t<div class=\"elementor-container elementor-column-gap-default\">\n\t\t\t\t\t<div class=\"elementor-column elementor-col-100 elementor-top-column elementor-element elementor-element-91d03c4\" data-id=\"91d03c4\" data-element_type=\"column\">\n\t\t\t<div class=\"elementor-widget-wrap elementor-element-populated\">\n\t\t\t\t\t\t\t\t<div class=\"elementor-element elementor-element-375f1cd elementor-widget elementor-widget-text-editor\" data-id=\"375f1cd\" data-element_type=\"widget\" data-widget_type=\"text-editor.default\">\n\t\t\t\t<div class=\"elementor-widget-container\">\n\t\t\t<style>\/*! elementor - v3.14.0 - 26-06-2023 *\/\n.elementor-widget-text-editor.elementor-drop-cap-view-stacked .elementor-drop-cap{background-color:#69727d;color:#fff}.elementor-widget-text-editor.elementor-drop-cap-view-framed .elementor-drop-cap{color:#69727d;border:3px solid;background-color:transparent}.elementor-widget-text-editor:not(.elementor-drop-cap-view-default) .elementor-drop-cap{margin-top:8px}.elementor-widget-text-editor:not(.elementor-drop-cap-view-default) .elementor-drop-cap-letter{width:1em;height:1em}.elementor-widget-text-editor .elementor-drop-cap{float:left;text-align:center;line-height:1;font-size:50px}.elementor-widget-text-editor .elementor-drop-cap-letter{display:inline-block}<\/style>\t\t\t\t<div>\u00a0<\/div><div>\u00a0<\/div><div class=\"mob-center\">CURAIEREN ist ein junges Unternehmen aus dem Bieler Seeland mit Fokus auf nat\u00fcrliches und nachhaltiges Bauen.<br \/>Der Schwerpunkt liegt auf der Arbeit mit Naturbaustoffen zur F\u00f6rderung von Wohlbefinden und gesunder Wohnqualit\u00e4t.<br \/>Das Angebot reicht von praktischer Mitarbeit auf Baustellen \u00fcber Sensibilisierungsarbeit zum nat\u00fcrlichen Bauen bis hin zu kreativen Workshops wie Lehmbasteln mit Kindern.<\/div><div>\u00a0<\/div><div>\u00a0<\/div><div>\u00a0<\/div>\t\t\t\t\t\t<\/div>\n\t\t\t\t<\/div>\n\t\t\t\t\t<\/div>\n\t\t<\/div>\n\t\t\t\t\t\t\t<\/div>\n\t\t<\/section>\n\t\t\t\t<section class=\"elementor-section elementor-top-section elementor-element elementor-element-1ab337f elementor-section-boxed elementor-section-height-default elementor-section-height-default\" data-id=\"1ab337f\" data-element_type=\"section\">\n\t\t\t\t\t\t<div class=\"elementor-container elementor-column-gap-default\">\n\t\t\t\t\t<div class=\"elementor-column elementor-col-50 elementor-top-column elementor-element elementor-element-e51da0a\" data-id=\"e51da0a\" data-element_type=\"column\">\n\t\t\t<div class=\"elementor-widget-wrap elementor-element-populated\">\n\t\t\t\t\t\t\t\t<div class=\"elementor-element elementor-element-47d72a5 elementor-widget elementor-widget-text-editor\" data-id=\"47d72a5\" data-element_type=\"widget\" data-widget_type=\"text-editor.default\">\n\t\t\t\t<div class=\"elementor-widget-container\">\n\t\t\t\t\t\t\t<p><strong>Lehm<br \/><\/strong>wundersch\u00f6n, feuchteregulierend, nat\u00fcrlich<br \/><br \/>Einige Eigenschaften von Lehm:<br \/>&#8211; Lehm ist einer der \u00e4ltesten Baustoffe \u00fcberhaupt<br \/>&#8211; Lehm besteht aus einem Kies-Sand-Silt-Ton- Gemisch und ist somit ein nat\u00fcrlicher Baustoff<br \/>&#8211; Lehm bindet Schadstoffe aus der Luft und ist Feuchteregulierend<br \/>&#8211; Lehm speichert W\u00e4rme und wirkt im Sommer k\u00fchlend<br \/>&#8211; Lehm sorgt f\u00fcr ein gesundes Raumklima<br \/>&#8211; Lehm brennt nicht<br \/>&#8211; Lehm ist wiederverwendbar und \u00f6kologisch sinnvoll<br \/><br \/>Baustoffe aus \/ mit Lehm: Lehmpuzte, Lehmfarben, Lehmplatten, Lehmsteine, Sicht- lehmsteine<br \/><br \/>Anwendungsgebiet: Lehm ist besonders geeignet in Schlaf und Wohnbereichen, in B\u00fcros, als Decke im Badezimmer (zur Feuchtigkeitsregulierung). Grunds\u00e4tzlich <br \/>kann Lehm in jeglichen Innenr\u00e4umen verwendet werden (teils auch im Aussenbereich) und sorgt somit f\u00fcr ein gesundes Raumklima. Kontaktieren Sie mich gerne f\u00fcr ein Beratungsgespr\u00e4ch und sehen Sie sich gerne die Fotos einer Lehmdecke an unter \u00abGalerie, Konatkt, Links\u00bb \u00a0\u00a0 \u00a0 \u00a0 \u00a0 \u00a0 \u00a0 \u00a0 \u00a0\u00a0<\/p>\t\t\t\t\t\t<\/div>\n\t\t\t\t<\/div>\n\t\t\t\t\t<\/div>\n\t\t<\/div>\n\t\t\t\t<div class=\"elementor-column elementor-col-50 elementor-top-column elementor-element elementor-element-b4f60ce\" data-id=\"b4f60ce\" data-element_type=\"column\">\n\t\t\t<div class=\"elementor-widget-wrap elementor-element-populated\">\n\t\t\t\t\t\t\t\t<div class=\"elementor-element elementor-element-4ba7b25 elementor-widget elementor-widget-text-editor\" data-id=\"4ba7b25\" data-element_type=\"widget\" data-widget_type=\"text-editor.default\">\n\t\t\t\t<div class=\"elementor-widget-container\">\n\t\t\t\t\t\t\t<p><strong>Naturfarben f\u00fcr innen<\/strong><br \/>\u00e4sthetisch, neutral, nat\u00fcrlich<\/p><p>Einige Eigenschaften von Naturfarben:<br \/>&#8211; Naturfarben sind diffusionsoffen (atmungsaktiv)<br \/>&#8211; Naturfarben sind im Vergleich zu herk\u00f6mmlichen Farben ges\u00fcnder und nachhaltiger in der Herstellung, Verarbeitung und Entsorgung<br \/>&#8211; Naturfarben sind die schlichten Allesk\u00f6nner, \u00fcberall einsetzbar gibt es f\u00fcr jedes Objekt eine passende Naturfarbe<br \/>&#8211; Naturfarben sorgen f\u00fcr ein gesundes Raumklima<br \/>&#8211; Naturfarben sind \u00f6kologisch sinnvoll<\/p><p><br \/>Einige Naturfarben als Varianten: Pflanzenfarben, Lehmfarben, Kalkfarben, Silikatfarben, Lasuren, Leimfarben, Natur\u00f6le<\/p><p>Anwendungsgebiet: Malerarbeiten im Innen sowie Aussenbereich z.B W\u00e4nde, Decken, Treppenh\u00e4user, Holz innen, Holz aussen, Fassaden\u2026 \u00a0\u00a0\u00a0\u00a0\u00a0\u00a0\u00a0\u00a0\u00a0\u00a0\u00a0\u00a0\u00a0\u00a0\u00a0\u00a0\u00a0\u00a0\u00a0\u00a0\u00a0<\/p>\t\t\t\t\t\t<\/div>\n\t\t\t\t<\/div>\n\t\t\t\t\t<\/div>\n\t\t<\/div>\n\t\t\t\t\t\t\t<\/div>\n\t\t<\/section>\n\t\t\t\t<section class=\"elementor-section elementor-top-section elementor-element elementor-element-39303a8 elementor-section-boxed elementor-section-height-default elementor-section-height-default\" data-id=\"39303a8\" data-element_type=\"section\">\n\t\t\t\t\t\t<div class=\"elementor-container elementor-column-gap-default\">\n\t\t\t\t\t<div class=\"elementor-column elementor-col-50 elementor-top-column elementor-element elementor-element-5a21ff4\" data-id=\"5a21ff4\" data-element_type=\"column\">\n\t\t\t<div class=\"elementor-widget-wrap elementor-element-populated\">\n\t\t\t\t\t\t\t\t<div class=\"elementor-element elementor-element-79db143 elementor-widget elementor-widget-text-editor\" data-id=\"79db143\" data-element_type=\"widget\" data-widget_type=\"text-editor.default\">\n\t\t\t\t<div class=\"elementor-widget-container\">\n\t\t\t\t\t\t\t<p><strong>Kalk<\/strong><br \/>schimmelvorbeugend, neutralisierend, nat\u00fcrlich<br \/><br \/>Einige Eigenschaften von Kalk:<br \/>&#8211; Kalk ist ebenfalls ein sehr alter Baustoff, der schon seit einigen Jahrtausenden auf dem Bau verwendet wird<br \/>&#8211; Kalk wie wir ihn auf dem Bau verwenden, wird aus Kalkstein (Calciumcarbonat) gewonnen<br \/>&#8211;\u00a0 \u00a0Kalk ist feuchtigkeitsregulirend (diffusionsoffen)<br \/>&#8211; Kalk bindet Kohlendioxyd und Schadstoffe aus der Luft, ist geruchsneutral und allergikerfreundlich<br \/>&#8211; Kalk hemmt durch seine hohe Alkalit\u00e4t die Entstehung von Schimmel (schimmelvorbeugend)<br \/>&#8211; Kalk ist selbstreinigend<br \/>&#8211; Kalk carbonatisiert wieder mit Luftkontakt und wird so stabil<br \/>&#8211; Kalk ist langlebig und \u00f6kologisch sinnvoll<br \/><br \/>Baustoffe aus \/ mit Kalk: Kalkm\u00f6rtel, Kalkputze \/ Streichputze, Kalkfarben, Kalksteine<br \/><br \/>Anwendungsgebiet: Kalk ist besonders geeignet in Kellern (Schimmelhemmend), In der K\u00fcche, (neutralisiert Ger\u00fcche, reguliert die Feuchtigkeit und bindet Schadstoffe, aus der Luft), als stabiler Baustoff im innen sowie Aussenbereich, f\u00fcr Fassaden\u2026 <br \/>Grunds\u00e4tzlich kann Kalk in jeglichen Innen sowie Aussenbereichen verwendet werden. <br \/>Kalk ist ein reinigender, stabiler und basischer Baustoff der in verschiedenen Bereichen angewendet werden kann.<\/p>\t\t\t\t\t\t<\/div>\n\t\t\t\t<\/div>\n\t\t\t\t\t<\/div>\n\t\t<\/div>\n\t\t\t\t<div class=\"elementor-column elementor-col-50 elementor-top-column elementor-element elementor-element-adf56c0\" data-id=\"adf56c0\" data-element_type=\"column\">\n\t\t\t<div class=\"elementor-widget-wrap elementor-element-populated\">\n\t\t\t\t\t\t\t\t<div class=\"elementor-element elementor-element-1eb5162 elementor-widget elementor-widget-text-editor\" data-id=\"1eb5162\" data-element_type=\"widget\" data-widget_type=\"text-editor.default\">\n\t\t\t\t<div class=\"elementor-widget-container\">\n\t\t\t\t\t\t\t<p><strong>Naturfarben f\u00fcr aussen<\/strong><br \/>\u00e4sthetisch, neutral, nat\u00fcrlich<\/p><p>Einige Eigenschaften von Naturfarben:<br \/>&#8211; Naturfarben sind diffusionsoffen (atmungsaktiv)<br \/>&#8211; Naturfarben sind im Vergleich zu herk\u00f6mmlichen Farben ges\u00fcnder und nachhaltiger in der Herstellung, Verarbeitung und Entsorgung<br \/>&#8211; Naturfarben sind die schlichten Allesk\u00f6nner, \u00fcberall einsetzbar gibt es f\u00fcr jedes Objekt eine passende Naturfarbe<br \/>&#8211; Naturfarben sorgen f\u00fcr ein gesundes Raumklima<br \/>&#8211; Naturfarben sind \u00f6kologisch sinnvoll<\/p><p><br \/><br \/><br \/><br \/><br \/>Einige Naturfarben als Varianten: Pflanzenfarben, Lehmfarben, Kalkfarben, Silikatfarben, Lasuren, Leimfarben, Natur\u00f6le<\/p><p>Anwendungsgebiet: Malerarbeiten im Innen sowie Aussenbereich z.B W\u00e4nde, Decken, Treppenh\u00e4user, Holz innen, Holz aussen, Fassaden\u2026 \u00a0\u00a0\u00a0\u00a0\u00a0\u00a0\u00a0\u00a0\u00a0\u00a0\u00a0\u00a0\u00a0\u00a0\u00a0\u00a0\u00a0\u00a0\u00a0\u00a0\u00a0<\/p>\t\t\t\t\t\t<\/div>\n\t\t\t\t<\/div>\n\t\t\t\t\t<\/div>\n\t\t<\/div>\n\t\t\t\t\t\t\t<\/div>\n\t\t<\/section>\n\t\t\t\t<section class=\"elementor-section elementor-top-section elementor-element elementor-element-fbf77cf elementor-section-boxed elementor-section-height-default elementor-section-height-default\" data-id=\"fbf77cf\" data-element_type=\"section\">\n\t\t\t\t\t\t<div class=\"elementor-container elementor-column-gap-default\">\n\t\t\t\t\t<div class=\"elementor-column elementor-col-50 elementor-top-column elementor-element elementor-element-8aefa87\" data-id=\"8aefa87\" data-element_type=\"column\">\n\t\t\t<div class=\"elementor-widget-wrap elementor-element-populated\">\n\t\t\t\t\t\t\t\t<div class=\"elementor-element elementor-element-f378f79 elementor-widget elementor-widget-text-editor\" data-id=\"f378f79\" data-element_type=\"widget\" data-widget_type=\"text-editor.default\">\n\t\t\t\t<div class=\"elementor-widget-container\">\n\t\t\t\t\t\t\t<p><strong>Lasur<br \/><\/strong>farbig, lebendig, nat\u00fcrlich<br \/><br \/>Einige Eigenschaften von Lasuren:<br \/>&#8211; Lasuren sind nicht deckend und geben somit z.B bei Holz die Maserung oder bei W\u00e4nden, sowie Decken den Untergrund noch leicht zur Sicht frei<br \/>&#8211; Lasuren als Naturfarben sind atmungsaktiv (gut geeignet beim Holz)<br \/>&#8211; Lasuren sorgen in Innenr\u00e4umen f\u00fcr ein nat\u00fcrliches Raumklima<br \/>&#8211; Lasuren sind als Naturfarben nat\u00fcrlich und somit \u00f6kologisch sinnvoll<br \/>&#8211; Lasuren geben in Innenr\u00e4umen als Farbe geb\u00fcrstet oder getupft aufgetragen ein bewegtes Bild, von Energie anregend in rot oder gelb geb\u00fcrstet, bis beruhigend in gr\u00fcn oder auch tr\u00e4umerisch wie ein kleiner Himmel in blau getupft.<br \/><br \/>Lasuren sind in verschiedenen Farben erh\u00e4ltlich.<br \/><br \/>Anwendungsgebiet: Lasuren sind besonders geeignet f\u00fcr Holz, da sie die Maserung und den Charakter des Holzes beibehalten. Auch geeignet sind Lasuren in Innenr\u00e4umen f\u00fcr W\u00e4nde und Decken.\u00a0 Lasuren k\u00f6nnen im Innen sowie Aussenbereich verwendet werden.\u00a0 \u00a0 \u00a0 \u00a0 \u00a0 \u00a0 \u00a0 \u00a0\u00a0<\/p>\t\t\t\t\t\t<\/div>\n\t\t\t\t<\/div>\n\t\t\t\t\t<\/div>\n\t\t<\/div>\n\t\t\t\t<div class=\"elementor-column elementor-col-50 elementor-top-column elementor-element elementor-element-c4d70c8\" data-id=\"c4d70c8\" data-element_type=\"column\">\n\t\t\t<div class=\"elementor-widget-wrap\">\n\t\t\t\t\t\t\t\t\t<\/div>\n\t\t<\/div>\n\t\t\t\t\t\t\t<\/div>\n\t\t<\/section>\n\t\t\t\t\t\t\t<\/div>\n\t\t","protected":false},"excerpt":{"rendered":"<p>\u00a0\u00a0CURAIEREN ist ein junges Unternehmen aus dem Bieler Seeland mit Fokus auf nat\u00fcrliches und nachhaltiges Bauen.Der Schwerpunkt liegt auf der Arbeit mit Naturbaustoffen zur F\u00f6rderung von Wohlbefinden und gesunder Wohnqualit\u00e4t.Das Angebot reicht von praktischer Mitarbeit auf Baustellen \u00fcber Sensibilisierungsarbeit zum nat\u00fcrlichen Bauen bis hin zu kreativen Workshops wie Lehmbasteln mit Kindern.\u00a0\u00a0\u00a0 Lehmwundersch\u00f6n, feuchteregulierend, nat\u00fcrlich Einige &hellip;<\/p>\n<p class=\"read-more\"> <a class=\"\" href=\"https:\/\/curaieren.ch\/?page_id=657\"> <span class=\"screen-reader-text\">Angebot<\/span> Weiterlesen &raquo;<\/a><\/p>\n","protected":false},"author":1,"featured_media":0,"parent":0,"menu_order":0,"comment_status":"closed","ping_status":"closed","template":"","meta":{"_uag_custom_page_level_css":"","site-sidebar-layout":"no-sidebar","site-content-layout":"page-builder","ast-global-header-display":"","ast-banner-title-visibility":"","ast-main-header-display":"","ast-hfb-above-header-display":"","ast-hfb-below-header-display":"","ast-hfb-mobile-header-display":"","site-post-title":"disabled","ast-breadcrumbs-content":"","ast-featured-img":"disabled","footer-sml-layout":"","theme-transparent-header-meta":"default","adv-header-id-meta":"","stick-header-meta":"","header-above-stick-meta":"","header-main-stick-meta":"","header-below-stick-meta":"","footnotes":""},"class_list":["post-657","page","type-page","status-publish","hentry"],"uagb_featured_image_src":{"full":false,"thumbnail":false,"medium":false,"medium_large":false,"large":false,"1536x1536":false,"2048x2048":false},"uagb_author_info":{"display_name":"Cura","author_link":"https:\/\/curaieren.ch\/?author=1"},"uagb_comment_info":0,"uagb_excerpt":"\u00a0\u00a0CURAIEREN ist ein junges Unternehmen aus dem Bieler Seeland mit Fokus auf nat\u00fcrliches und nachhaltiges Bauen.Der Schwerpunkt liegt auf der Arbeit mit Naturbaustoffen zur F\u00f6rderung von Wohlbefinden und gesunder Wohnqualit\u00e4t.Das Angebot reicht von praktischer Mitarbeit auf Baustellen \u00fcber Sensibilisierungsarbeit zum nat\u00fcrlichen Bauen bis hin zu kreativen Workshops wie Lehmbasteln mit Kindern.\u00a0\u00a0\u00a0 Lehmwundersch\u00f6n, feuchteregulierend, nat\u00fcrlich Einige&hellip;","_links":{"self":[{"href":"https:\/\/curaieren.ch\/index.php?rest_route=\/wp\/v2\/pages\/657","targetHints":{"allow":["GET"]}}],"collection":[{"href":"https:\/\/curaieren.ch\/index.php?rest_route=\/wp\/v2\/pages"}],"about":[{"href":"https:\/\/curaieren.ch\/index.php?rest_route=\/wp\/v2\/types\/page"}],"author":[{"embeddable":true,"href":"https:\/\/curaieren.ch\/index.php?rest_route=\/wp\/v2\/users\/1"}],"replies":[{"embeddable":true,"href":"https:\/\/curaieren.ch\/index.php?rest_route=%2Fwp%2Fv2%2Fcomments&post=657"}],"version-history":[{"count":120,"href":"https:\/\/curaieren.ch\/index.php?rest_route=\/wp\/v2\/pages\/657\/revisions"}],"predecessor-version":[{"id":1129,"href":"https:\/\/curaieren.ch\/index.php?rest_route=\/wp\/v2\/pages\/657\/revisions\/1129"}],"wp:attachment":[{"href":"https:\/\/curaieren.ch\/index.php?rest_route=%2Fwp%2Fv2%2Fmedia&parent=657"}],"curies":[{"name":"wp","href":"https:\/\/api.w.org\/{rel}","templated":true}]}}